{"id":2895,"date":"2019-10-13T19:18:23","date_gmt":"2019-10-13T16:18:23","guid":{"rendered":"https:\/\/cheersyachting.com\/camp-de-yoga-en-turquie\/"},"modified":"2020-03-10T16:16:25","modified_gmt":"2020-03-10T13:16:25","slug":"camp-de-yoga-en-turquie","status":"publish","type":"page","link":"https:\/\/cheersyachting.com\/fr\/camp-de-yoga-en-turquie\/","title":{"rendered":"Camp de Yoga en Turquie"},"content":{"rendered":"\n<style type=\"text\/css\" data-created_by=\"avia_inline_auto\" id=\"style-css-av-jq6iucuw-6933c9363b069efaef99f473ebe10842\">\n.avia-section.av-jq6iucuw-6933c9363b069efaef99f473ebe10842 .av-parallax .av-parallax-inner{\nbackground-repeat:no-repeat;\nbackground-image:url(https:\/\/cheersyachting.com\/wp-content\/uploads\/IMG_5052-1500x630.jpg);\nbackground-position:50% 0%;\nbackground-attachment:scroll;\n}\n<\/style>\n<div id='av_section_1'  class='avia-section av-jq6iucuw-6933c9363b069efaef99f473ebe10842 main_color avia-section-default avia-no-border-styling  avia-builder-el-0  el_before_av_heading  avia-builder-el-first  av-parallax-section avia-bg-style-parallax av-minimum-height av-minimum-height-50 av-height-50  container_wrap fullsize'  data-section-bg-repeat='no-repeat' data-av_minimum_height_pc='50' data-av_min_height_opt='50'><div class='av-parallax' data-avia-parallax-ratio='0.3' ><div class='av-parallax-inner main_color avia-full-stretch'><\/div><\/div><div class='container av-section-cont-open' ><main  role=\"main\" itemprop=\"mainContentOfPage\"  class='template-page content  av-content-full alpha units'><div class='post-entry post-entry-type-page post-entry-2895'><div class='entry-content-wrapper clearfix'><\/div><\/div><\/main><!-- close content main element --><\/div><\/div><div id='after_section_1'  class='main_color av_default_container_wrap container_wrap fullsize'  ><div class='container av-section-cont-open' ><div class='template-page content  av-content-full alpha units'><div class='post-entry post-entry-type-page post-entry-2895'><div class='entry-content-wrapper clearfix'>\n\n<style type=\"text\/css\" data-created_by=\"avia_inline_auto\" id=\"style-css-av-gv3wi-f06de0db3c13d61299b675b628f01988\">\n#top .av-special-heading.av-gv3wi-f06de0db3c13d61299b675b628f01988{\npadding-bottom:10px;\n}\nbody .av-special-heading.av-gv3wi-f06de0db3c13d61299b675b628f01988 .av-special-heading-tag .heading-char{\nfont-size:25px;\n}\n.av-special-heading.av-gv3wi-f06de0db3c13d61299b675b628f01988 .av-subheading{\nfont-size:15px;\n}\n<\/style>\n<div  class='av-special-heading av-gv3wi-f06de0db3c13d61299b675b628f01988 av-special-heading-h1  avia-builder-el-1  el_after_av_section  el_before_av_textblock  avia-builder-el-first  av-linked-heading'><h1 class='av-special-heading-tag '  itemprop=\"headline\"  >Camp de Yoga en Turquie<\/h1><div class=\"special-heading-border\"><div class=\"special-heading-inner-border\"><\/div><\/div><\/div>\n<section  class='av_textblock_section av-jpzc08k8-ce06920d9ce1f6a60601db46027316dd '   itemscope=\"itemscope\" itemtype=\"https:\/\/schema.org\/CreativeWork\" ><div class='avia_textblock'  itemprop=\"text\" ><p>Une semaine parfaite de yoga, de soleil et de relaxation dans la magnifique r\u00e9gion de G\u00f6cek, oui, c\u2019est possible ! \u00a0Compos\u00e9e de 12 \u00eeles, cette r\u00e9gion regorge de charmes et offre de splendides paysages. Les temps de navigation entre les diff\u00e9rentes baies sont courts ce qui vous permettra d\u2019avoir, \u00e0 chaque session de yoga, un nouveau point de vue sur les baies pittoresques de la Turquie.<\/p>\n<p>\u00c0 bord, vous aurez une toute nouvelle routine. Au r\u00e9veil sirotez tranquillement un th\u00e9 au citron sur le pont du bateau avant de vous installer sur le tapis pour d\u00e9buter la journ\u00e9e avec votre premi\u00e8re s\u00e9ance de yoga. Apr\u00e8s Savasana, prenez un masque et un tuba et jetez-vous \u00e0 l\u2019eau pour explorer les fonds marins des eaux turquoises de cette r\u00e9gion. Comment mieux commencer la journ\u00e9e ?<\/p>\n<p>Apr\u00e8s votre s\u00e9ance, un petit d\u00e9jeuner turc traditionnel sera servi sur le pont. Vous pourrez ensuite vous d\u00e9tendre, jouer, bouquiner \u00e0 bord pendant que nous naviguerons jusqu\u2019\u00e0 la prochaine \u00e9tape. L\u2019apr\u00e8s-midi vous serez libre et vous pourrez en profiter pour vous reposer, vous baigner ou m\u00e9diter \u00e0 l&rsquo;ombre avant votre deuxi\u00e8me s\u00e9ance de yoga, Asana, au coucher du soleil.<\/p>\n<p>Apr\u00e8s la pratique Asana du soir, vous aurez le temps de prendre une douche avant de d\u00eener \u00e0 la belle \u00e9toile. \u00c0 bord nous vous pr\u00e9parerons des plats typiques de la cuisine turque, avec des aliments de provenance locale et des fruits et l\u00e9gumes de saison. Si vous avez des demandes alimentaires sp\u00e9ciales (v\u00e9g\u00e9tariens ou v\u00e9g\u00e9taliens) et que vous nous pr\u00e9venez en amont, nous pourrons vous proposer des plats adapt\u00e9s.<\/p>\n<p>Au cours de la semaine, vous passerez une apr\u00e8s-midi dans la ville de G\u00f6cek. Vous pourrez go\u00fbter aux jus de fruits frais locaux, partir \u00e0 la d\u00e9couverte d&rsquo;anciennes ruines ou faire de courtes randonn\u00e9es. Nous avons \u00e9galement deux kayaks \u00e0 bord et deux paddles sur lesquels vous pourrez essayer quelques Asanas en \u00e9quilibre.<\/p>\n<p>Notre bateau est le lieu id\u00e9al pour les professeurs de yoga \u00e0 la recherche d&rsquo;un espace pour accueillir leur prochain camp. A vous ensuite de choisir le type de yoga que vous souhaitez enseigner et l\u2019organisation des s\u00e9ances. Vous pouvez choisir de faire une s\u00e9ance au lever du soleil avant le petit d\u00e9jeuner et \/ ou une s\u00e9ance le soir avant le coucher du soleil.<\/p>\n<\/div><\/section>\n\n<style type=\"text\/css\" data-created_by=\"avia_inline_auto\" id=\"style-css-av-asal6-e085adb2ac3a842862395f0297b4c20a\">\n#top .av-special-heading.av-asal6-e085adb2ac3a842862395f0297b4c20a{\npadding-bottom:10px;\n}\nbody .av-special-heading.av-asal6-e085adb2ac3a842862395f0297b4c20a .av-special-heading-tag .heading-char{\nfont-size:25px;\n}\n.av-special-heading.av-asal6-e085adb2ac3a842862395f0297b4c20a .av-subheading{\nfont-size:15px;\n}\n<\/style>\n<div  class='av-special-heading av-asal6-e085adb2ac3a842862395f0297b4c20a av-special-heading-h1  avia-builder-el-3  el_after_av_textblock  el_before_av_section  avia-builder-el-last  av-linked-heading'><h1 class='av-special-heading-tag '  itemprop=\"headline\"  >Croisi\u00e8re Bleue &#8211; Fethiye &#8211; G\u00f6cek &#8211; Fethiye<\/h1><div class=\"special-heading-border\"><div class=\"special-heading-inner-border\"><\/div><\/div><\/div>\n<\/div><\/div><\/div><!-- close content main div --><\/div><\/div><div id='av_section_2'  class='avia-section av-s2dne-839020532c19704ef21bec45b546d79c main_color avia-section-default avia-no-border-styling  avia-builder-el-4  el_after_av_heading  el_before_av_section  avia-bg-style-scroll container_wrap fullsize'  ><div class='container av-section-cont-open' ><div class='template-page content  av-content-full alpha units'><div class='post-entry post-entry-type-page post-entry-2895'><div class='entry-content-wrapper clearfix'>\n\n<style type=\"text\/css\" data-created_by=\"avia_inline_auto\" id=\"style-css-av-mlmbe-c2ffd3a50781881035985da14c9c24de\">\n.flex_column.av-mlmbe-c2ffd3a50781881035985da14c9c24de{\nborder-radius:0px 0px 0px 0px;\npadding:0px 0px 0px 0px;\n}\n<\/style>\n<div  class='flex_column av-mlmbe-c2ffd3a50781881035985da14c9c24de av_two_third  avia-builder-el-5  el_before_av_one_third  avia-builder-el-first  first flex_column_div av-zero-column-padding  '     ><p>\n<style type=\"text\/css\" data-created_by=\"avia_inline_auto\" id=\"style-css-av-jb442-0685dd28cf46f873f68b6726404f1272\">\n#top .av-special-heading.av-jb442-0685dd28cf46f873f68b6726404f1272{\npadding-bottom:10px;\n}\nbody .av-special-heading.av-jb442-0685dd28cf46f873f68b6726404f1272 .av-special-heading-tag .heading-char{\nfont-size:25px;\n}\n.av-special-heading.av-jb442-0685dd28cf46f873f68b6726404f1272 .av-subheading{\nfont-size:15px;\n}\n<\/style>\n<div  class='av-special-heading av-jb442-0685dd28cf46f873f68b6726404f1272 av-special-heading-h3  avia-builder-el-6  el_before_av_textblock  avia-builder-el-first '><h3 class='av-special-heading-tag '  itemprop=\"headline\"  >Fethiye<\/h3><div class=\"special-heading-border\"><div class=\"special-heading-inner-border\"><\/div><\/div><\/div><br \/>\n<section  class='av_textblock_section av-jqan1avi-7965156a7c213073720ac63a704125bc '   itemscope=\"itemscope\" itemtype=\"https:\/\/schema.org\/CreativeWork\" ><div class='avia_textblock'  itemprop=\"text\" ><p>Nous vous donnons rendez-vous au port de Fethiye ou nous vous accueillerons \u00e0 bord de Cheers, notre bateau, \u00e0 16 heures. Lorsque l\u2019embarquement sera termin\u00e9, nous naviguerons jusqu\u2019\u00e0 Red Island o\u00f9 nous passerons la nuit. Pendant le trajet, d\u00e9tendez-vous, profitez du paysage, les vacances commencent.<\/p>\n<\/div><\/section><\/p><\/div>\n<style type=\"text\/css\" data-created_by=\"avia_inline_auto\" id=\"style-css-av-ct94q-1cfce9389ae0d267056ca4b30207fa27\">\n.flex_column.av-ct94q-1cfce9389ae0d267056ca4b30207fa27{\nborder-radius:0px 0px 0px 0px;\npadding:0px 0px 0px 0px;\n}\n<\/style>\n<div  class='flex_column av-ct94q-1cfce9389ae0d267056ca4b30207fa27 av_one_third  avia-builder-el-8  el_after_av_two_third  avia-builder-el-last  flex_column_div av-zero-column-padding  '     ><div  class='avia-slideshow av-jqao486b-dd7136c9734c3c5c93ae9f79b03c41b6 avia-slideshow-portfolio av_slideshow avia-slide-slider  avia-builder-el-9  avia-builder-el-no-sibling  av-slideshow-ui av-control-default av-slideshow-manual av-loop-once av-loop-manual-endless av-default-height-applied avia-slideshow-1' data-slideshow-options=\"{&quot;animation&quot;:&quot;slide&quot;,&quot;autoplay&quot;:false,&quot;loop_autoplay&quot;:&quot;once&quot;,&quot;interval&quot;:5,&quot;loop_manual&quot;:&quot;manual-endless&quot;,&quot;autoplay_stopper&quot;:false,&quot;noNavigation&quot;:false,&quot;bg_slider&quot;:false,&quot;keep_padding&quot;:false,&quot;hoverpause&quot;:false,&quot;show_slide_delay&quot;:0}\"  itemprop=\"image\" itemscope=\"itemscope\" itemtype=\"https:\/\/schema.org\/ImageObject\" ><ul class='avia-slideshow-inner ' style='padding-bottom: 80.808080808081%;'><li  class='avia-slideshow-slide av-jqao486b-dd7136c9734c3c5c93ae9f79b03c41b6__0  av-single-slide slide-1 slide-odd'><div data-rel='slideshow-1' class='avia-slide-wrap '   ><div class='av-slideshow-caption av-jqao486b-dd7136c9734c3c5c93ae9f79b03c41b6__0 avia-caption'><div class=\"avia-inner-caption\"><h2 class='avia-caption-title '  itemprop=\"name\" >Camp de Yoga<\/h2><\/div><\/div><img decoding=\"async\" fetchpriority=\"high\" class=\"wp-image-2914 avia-img-lazy-loading-not-2914\"  src=\"https:\/\/cheersyachting.com\/wp-content\/uploads\/IMG_2646-495x400.jpg\" width=\"495\" height=\"400\" title='Yoga Sail Turkey' alt=''  itemprop=\"thumbnailUrl\" srcset=\"https:\/\/cheersyachting.com\/wp-content\/uploads\/IMG_2646-495x400.jpg 495w, https:\/\/cheersyachting.com\/wp-content\/uploads\/IMG_2646-845x684.jpg 845w\" sizes=\"(max-width: 495px) 100vw, 495px\" \/><\/div><\/li><\/ul><\/div><\/div>\n\n<\/div><\/div><\/div><!-- close content main div --><\/div><\/div><div id='av_section_3'  class='avia-section av-s2dne-839020532c19704ef21bec45b546d79c main_color avia-section-default avia-no-border-styling  avia-builder-el-10  el_after_av_section  el_before_av_section  avia-bg-style-scroll container_wrap fullsize'  ><div class='container av-section-cont-open' ><div class='template-page content  av-content-full alpha units'><div class='post-entry post-entry-type-page post-entry-2895'><div class='entry-content-wrapper clearfix'>\n\n<style type=\"text\/css\" data-created_by=\"avia_inline_auto\" id=\"style-css-av-mlmbe-c2ffd3a50781881035985da14c9c24de\">\n.flex_column.av-mlmbe-c2ffd3a50781881035985da14c9c24de{\nborder-radius:0px 0px 0px 0px;\npadding:0px 0px 0px 0px;\n}\n<\/style>\n<div  class='flex_column av-mlmbe-c2ffd3a50781881035985da14c9c24de av_two_third  avia-builder-el-11  el_before_av_one_third  avia-builder-el-first  first flex_column_div av-zero-column-padding  '     ><p>\n<style type=\"text\/css\" data-created_by=\"avia_inline_auto\" id=\"style-css-av-ef25e-208ef2576331ba9589a805ee583de2c5\">\n#top .av-special-heading.av-ef25e-208ef2576331ba9589a805ee583de2c5{\npadding-bottom:10px;\n}\nbody .av-special-heading.av-ef25e-208ef2576331ba9589a805ee583de2c5 .av-special-heading-tag .heading-char{\nfont-size:25px;\n}\n.av-special-heading.av-ef25e-208ef2576331ba9589a805ee583de2c5 .av-subheading{\nfont-size:15px;\n}\n<\/style>\n<div  class='av-special-heading av-ef25e-208ef2576331ba9589a805ee583de2c5 av-special-heading-h3  avia-builder-el-12  el_before_av_textblock  avia-builder-el-first '><h3 class='av-special-heading-tag '  itemprop=\"headline\"  >G\u00f6cek &#8211; Baie de Kocab\u00fck<\/h3><div class=\"special-heading-border\"><div class=\"special-heading-inner-border\"><\/div><\/div><\/div><br \/>\n<section  class='av_textblock_section av-jqan1avi-7965156a7c213073720ac63a704125bc '   itemscope=\"itemscope\" itemtype=\"https:\/\/schema.org\/CreativeWork\" ><div class='avia_textblock'  itemprop=\"text\" ><p>Pr\u00e9parez-vous \u00e0 savourer un d\u00e9licieux petit d\u00e9jeuner compos\u00e9 de fruits frais, de pain, d\u2019\u0153uf, d\u2019olive et bien plus encore. Apr\u00e8s un dernier caf\u00e9 ou th\u00e9, vous aurez le temps de vous baigner avant que nous nous dirigions vers notre prochaine \u00e9tape. Admirez les magnifiques paysages de la r\u00e9gion de G\u00f6cek pendant que nous naviguons vers la baie d&rsquo;A\u011fa limani pour le d\u00e9jeuner. Apr\u00e8s le d\u00e9jeuner, prenez le temps de nager dans les eaux turquoises et d\u2019observer la vie marine. Entour\u00e9 de montagnes et de for\u00eats de pins, d\u00e9tendez-vous sur le pont et admirez les paysages pittoresques qui vous entourent. Nous partirons vers 16 heures pour rejoindre la baie de Kocab\u00fck et y passer la nuit. Avant, vous pourrez choisir de vous d\u00e9tendre sous le soleil couchant ou, pour les plus sportifs, de faire une petite randonn\u00e9e pour admirer la vue magnifique sur la baie de Kocab\u00fck.<\/p>\n<\/div><\/section><\/p><\/div>\n<style type=\"text\/css\" data-created_by=\"avia_inline_auto\" id=\"style-css-av-ct94q-1cfce9389ae0d267056ca4b30207fa27\">\n.flex_column.av-ct94q-1cfce9389ae0d267056ca4b30207fa27{\nborder-radius:0px 0px 0px 0px;\npadding:0px 0px 0px 0px;\n}\n<\/style>\n<div  class='flex_column av-ct94q-1cfce9389ae0d267056ca4b30207fa27 av_one_third  avia-builder-el-14  el_after_av_two_third  avia-builder-el-last  flex_column_div av-zero-column-padding  '     ><div  class='avia-slideshow av-jqao486b-dd7136c9734c3c5c93ae9f79b03c41b6 avia-slideshow-portfolio av_slideshow avia-slide-slider  avia-builder-el-15  avia-builder-el-no-sibling  av-slideshow-ui av-control-default av-slideshow-manual av-loop-once av-loop-manual-endless av-default-height-applied avia-slideshow-2' data-slideshow-options=\"{&quot;animation&quot;:&quot;slide&quot;,&quot;autoplay&quot;:false,&quot;loop_autoplay&quot;:&quot;once&quot;,&quot;interval&quot;:5,&quot;loop_manual&quot;:&quot;manual-endless&quot;,&quot;autoplay_stopper&quot;:false,&quot;noNavigation&quot;:false,&quot;bg_slider&quot;:false,&quot;keep_padding&quot;:false,&quot;hoverpause&quot;:false,&quot;show_slide_delay&quot;:0}\"  itemprop=\"image\" itemscope=\"itemscope\" itemtype=\"https:\/\/schema.org\/ImageObject\" ><ul class='avia-slideshow-inner ' style='padding-bottom: 80.808080808081%;'><li  class='avia-slideshow-slide av-jqao486b-dd7136c9734c3c5c93ae9f79b03c41b6__0  av-single-slide slide-1 slide-odd'><div data-rel='slideshow-2' class='avia-slide-wrap '   ><div class='av-slideshow-caption av-jqao486b-dd7136c9734c3c5c93ae9f79b03c41b6__0 avia-caption'><div class=\"avia-inner-caption\"><h2 class='avia-caption-title '  itemprop=\"name\" >Camp de Yoga<\/h2><\/div><\/div><img decoding=\"async\" fetchpriority=\"high\" class=\"wp-image-2914 avia-img-lazy-loading-not-2914\"  src=\"https:\/\/cheersyachting.com\/wp-content\/uploads\/IMG_2646-495x400.jpg\" width=\"495\" height=\"400\" title='Yoga Sail Turkey' alt=''  itemprop=\"thumbnailUrl\" srcset=\"https:\/\/cheersyachting.com\/wp-content\/uploads\/IMG_2646-495x400.jpg 495w, https:\/\/cheersyachting.com\/wp-content\/uploads\/IMG_2646-845x684.jpg 845w\" sizes=\"(max-width: 495px) 100vw, 495px\" \/><\/div><\/li><\/ul><\/div><\/div>\n\n<\/div><\/div><\/div><!-- close content main div --><\/div><\/div><div id='av_section_4'  class='avia-section av-s2dne-839020532c19704ef21bec45b546d79c main_color avia-section-default avia-no-border-styling  avia-builder-el-16  el_after_av_section  el_before_av_section  avia-bg-style-scroll container_wrap fullsize'  ><div class='container av-section-cont-open' ><div class='template-page content  av-content-full alpha units'><div class='post-entry post-entry-type-page post-entry-2895'><div class='entry-content-wrapper clearfix'>\n\n<style type=\"text\/css\" data-created_by=\"avia_inline_auto\" id=\"style-css-av-mlmbe-c2ffd3a50781881035985da14c9c24de\">\n.flex_column.av-mlmbe-c2ffd3a50781881035985da14c9c24de{\nborder-radius:0px 0px 0px 0px;\npadding:0px 0px 0px 0px;\n}\n<\/style>\n<div  class='flex_column av-mlmbe-c2ffd3a50781881035985da14c9c24de av_two_third  avia-builder-el-17  el_before_av_one_third  avia-builder-el-first  first flex_column_div av-zero-column-padding  '     ><p>\n<style type=\"text\/css\" data-created_by=\"avia_inline_auto\" id=\"style-css-av-9dh42-9bae27ca46ee9917a224a99ab19b948d\">\n#top .av-special-heading.av-9dh42-9bae27ca46ee9917a224a99ab19b948d{\npadding-bottom:10px;\n}\nbody .av-special-heading.av-9dh42-9bae27ca46ee9917a224a99ab19b948d .av-special-heading-tag .heading-char{\nfont-size:25px;\n}\n.av-special-heading.av-9dh42-9bae27ca46ee9917a224a99ab19b948d .av-subheading{\nfont-size:15px;\n}\n<\/style>\n<div  class='av-special-heading av-9dh42-9bae27ca46ee9917a224a99ab19b948d av-special-heading-h3  avia-builder-el-18  el_before_av_textblock  avia-builder-el-first '><h3 class='av-special-heading-tag '  itemprop=\"headline\"  >Baie de Merdivenli &#8211; Baie de Binlik<\/h3><div class=\"special-heading-border\"><div class=\"special-heading-inner-border\"><\/div><\/div><\/div><br \/>\n<section  class='av_textblock_section av-jqan6wil-d8e65bc8432d1db5b06417a2b32c152f '   itemscope=\"itemscope\" itemtype=\"https:\/\/schema.org\/CreativeWork\" ><div class='avia_textblock'  itemprop=\"text\" ><p>R\u00e9veillez-vous lentement apr\u00e8s une nouvelle nuit \u00e0 bord puis dirigez-vous vers le coin repas. Installez-vous \u00e0 table avec vos amis pendant que nous vous servirons votre petit d\u00e9jeuner. Vous pourrez profiter d\u2019une derni\u00e8re baignade dans la baie de Kocab\u00fck avant que nous poursuivions notre croisi\u00e8re jusqu\u2019\u00e0 la baie de Merdivenli. Du pont, vous pourrez admirer les magnifiques for\u00eats du littoral de G\u00f6cek, et le reflet du soleil sur l\u2019eau rendra la vue plus que parfaite. \u00c0 la baie de Merivenli, vous pourrez choisir de continuer \u00e0 vous d\u00e9tendre \u00e0 bord ou de marcher le long de la plage jusqu\u2019au village ou vous pourrez acheter du miel bio, des confitures faites maison ou de l&rsquo;huile d&rsquo;olives. Nous vous attendrons sur le bateau pour le d\u00e9jeuner compos\u00e9 de sp\u00e9cialit\u00e9s turques servies avec du riz, du boulgour, des p\u00e2tes et du pain. Apr\u00e8s le d\u00e9jeuner, nous naviguerons jusqu\u2019\u00e0 la baie de Binlik pour passer notre prochaine une nuit.<\/p>\n<\/div><\/section><\/p><\/div>\n<style type=\"text\/css\" data-created_by=\"avia_inline_auto\" id=\"style-css-av-ct94q-1cfce9389ae0d267056ca4b30207fa27\">\n.flex_column.av-ct94q-1cfce9389ae0d267056ca4b30207fa27{\nborder-radius:0px 0px 0px 0px;\npadding:0px 0px 0px 0px;\n}\n<\/style>\n<div  class='flex_column av-ct94q-1cfce9389ae0d267056ca4b30207fa27 av_one_third  avia-builder-el-20  el_after_av_two_third  avia-builder-el-last  flex_column_div av-zero-column-padding  '     ><div  class='avia-slideshow av-jqao486b-dd7136c9734c3c5c93ae9f79b03c41b6 avia-slideshow-portfolio av_slideshow avia-slide-slider  avia-builder-el-21  avia-builder-el-no-sibling  av-slideshow-ui av-control-default av-slideshow-manual av-loop-once av-loop-manual-endless av-default-height-applied avia-slideshow-3' data-slideshow-options=\"{&quot;animation&quot;:&quot;slide&quot;,&quot;autoplay&quot;:false,&quot;loop_autoplay&quot;:&quot;once&quot;,&quot;interval&quot;:5,&quot;loop_manual&quot;:&quot;manual-endless&quot;,&quot;autoplay_stopper&quot;:false,&quot;noNavigation&quot;:false,&quot;bg_slider&quot;:false,&quot;keep_padding&quot;:false,&quot;hoverpause&quot;:false,&quot;show_slide_delay&quot;:0}\"  itemprop=\"image\" itemscope=\"itemscope\" itemtype=\"https:\/\/schema.org\/ImageObject\" ><ul class='avia-slideshow-inner ' style='padding-bottom: 80.808080808081%;'><li  class='avia-slideshow-slide av-jqao486b-dd7136c9734c3c5c93ae9f79b03c41b6__0  av-single-slide slide-1 slide-odd'><div data-rel='slideshow-3' class='avia-slide-wrap '   ><div class='av-slideshow-caption av-jqao486b-dd7136c9734c3c5c93ae9f79b03c41b6__0 avia-caption'><div class=\"avia-inner-caption\"><h2 class='avia-caption-title '  itemprop=\"name\" >Camp de Yoga<\/h2><\/div><\/div><img decoding=\"async\" fetchpriority=\"high\" class=\"wp-image-2914 avia-img-lazy-loading-not-2914\"  src=\"https:\/\/cheersyachting.com\/wp-content\/uploads\/IMG_2646-495x400.jpg\" width=\"495\" height=\"400\" title='Yoga Sail Turkey' alt=''  itemprop=\"thumbnailUrl\" srcset=\"https:\/\/cheersyachting.com\/wp-content\/uploads\/IMG_2646-495x400.jpg 495w, https:\/\/cheersyachting.com\/wp-content\/uploads\/IMG_2646-845x684.jpg 845w\" sizes=\"(max-width: 495px) 100vw, 495px\" \/><\/div><\/li><\/ul><\/div><\/div>\n\n<\/div><\/div><\/div><!-- close content main div --><\/div><\/div><div id='av_section_5'  class='avia-section av-s2dne-839020532c19704ef21bec45b546d79c main_color avia-section-default avia-no-border-styling  avia-builder-el-22  el_after_av_section  el_before_av_section  avia-bg-style-scroll container_wrap fullsize'  ><div class='container av-section-cont-open' ><div class='template-page content  av-content-full alpha units'><div class='post-entry post-entry-type-page post-entry-2895'><div class='entry-content-wrapper clearfix'>\n\n<style type=\"text\/css\" data-created_by=\"avia_inline_auto\" id=\"style-css-av-mlmbe-c2ffd3a50781881035985da14c9c24de\">\n.flex_column.av-mlmbe-c2ffd3a50781881035985da14c9c24de{\nborder-radius:0px 0px 0px 0px;\npadding:0px 0px 0px 0px;\n}\n<\/style>\n<div  class='flex_column av-mlmbe-c2ffd3a50781881035985da14c9c24de av_two_third  avia-builder-el-23  el_before_av_one_third  avia-builder-el-first  first flex_column_div av-zero-column-padding  '     ><p>\n<style type=\"text\/css\" data-created_by=\"avia_inline_auto\" id=\"style-css-av-rpflm-fca2c1d8cb2a1fedbdfbba33d24160de\">\n#top .av-special-heading.av-rpflm-fca2c1d8cb2a1fedbdfbba33d24160de{\npadding-bottom:10px;\n}\nbody .av-special-heading.av-rpflm-fca2c1d8cb2a1fedbdfbba33d24160de .av-special-heading-tag .heading-char{\nfont-size:25px;\n}\n.av-special-heading.av-rpflm-fca2c1d8cb2a1fedbdfbba33d24160de .av-subheading{\nfont-size:15px;\n}\n<\/style>\n<div  class='av-special-heading av-rpflm-fca2c1d8cb2a1fedbdfbba33d24160de av-special-heading-h3  avia-builder-el-24  el_before_av_textblock  avia-builder-el-first '><h3 class='av-special-heading-tag '  itemprop=\"headline\"  >Baie de Cleopatra &#8211; Baie de Sirali B\u00fck<\/h3><div class=\"special-heading-border\"><div class=\"special-heading-inner-border\"><\/div><\/div><\/div><br \/>\n<section  class='av_textblock_section av-jqan9vb4-34dd8d385d627a5770c0d07557fe93df '   itemscope=\"itemscope\" itemtype=\"https:\/\/schema.org\/CreativeWork\" ><div class='avia_textblock'  itemprop=\"text\" ><p>Commencez cette journ\u00e9e avec un autre petit d\u00e9jeuner entre amis. A bord, nous ferons toujours notre possible pour que vous puissiez profiter de chaque instant de cette croisi\u00e8re pour vous d\u00e9tendre et passer du bon temps. Vous pourrez poursuivre la journ\u00e9e avec un moment de lecture sur le pont, ou une baignade dans les eaux turquoise de la r\u00e9gion. Apr\u00e8s la baie de Binlik nous jetterons l\u2019ancre dans la baie de Cleopatra. La baie de Cleopatra est entour\u00e9e de pin et le d\u00e9grad\u00e9 des eaux qui l\u2019entoure va du bleu fonc\u00e9 au bleu turquoise. Pr\u00e9parez-vous pour une baignade dans un cadre magnifique. Cette baie est \u00e9galement r\u00e9put\u00e9e pour ces ruines historiques datant du 4\u00e8me si\u00e8cle avant JC. La l\u00e9gende veut que Cl\u00e9op\u00e2tre se soit baign\u00e9e ici lors de sa lune de miel avec Marc Anthony. Apr\u00e8s le d\u00e9jeuner, nous naviguerons vers la baie de Sirali B\u00fck pour le reste de la journ\u00e9e et passer la nuit.<\/p>\n<\/div><\/section><\/p><\/div>\n<style type=\"text\/css\" data-created_by=\"avia_inline_auto\" id=\"style-css-av-ct94q-1cfce9389ae0d267056ca4b30207fa27\">\n.flex_column.av-ct94q-1cfce9389ae0d267056ca4b30207fa27{\nborder-radius:0px 0px 0px 0px;\npadding:0px 0px 0px 0px;\n}\n<\/style>\n<div  class='flex_column av-ct94q-1cfce9389ae0d267056ca4b30207fa27 av_one_third  avia-builder-el-26  el_after_av_two_third  avia-builder-el-last  flex_column_div av-zero-column-padding  '     ><div  class='avia-slideshow av-jqao486b-8bd933382adb99a442db53f7a9724710 avia-slideshow-featured av_slideshow avia-slide-slider  avia-builder-el-27  avia-builder-el-no-sibling  av-slideshow-ui av-control-default av-slideshow-manual av-loop-once av-loop-manual-endless av-default-height-applied avia-slideshow-4' data-slideshow-options=\"{&quot;animation&quot;:&quot;slide&quot;,&quot;autoplay&quot;:false,&quot;loop_autoplay&quot;:&quot;once&quot;,&quot;interval&quot;:5,&quot;loop_manual&quot;:&quot;manual-endless&quot;,&quot;autoplay_stopper&quot;:false,&quot;noNavigation&quot;:false,&quot;bg_slider&quot;:false,&quot;keep_padding&quot;:false,&quot;hoverpause&quot;:false,&quot;show_slide_delay&quot;:0}\"  itemprop=\"image\" itemscope=\"itemscope\" itemtype=\"https:\/\/schema.org\/ImageObject\" ><ul class='avia-slideshow-inner ' style='padding-bottom: 67.1875%;'><li  class='avia-slideshow-slide av-jqao486b-8bd933382adb99a442db53f7a9724710__0  av-single-slide slide-1 slide-odd'><div data-rel='slideshow-4' class='avia-slide-wrap '   ><div class='av-slideshow-caption av-jqao486b-8bd933382adb99a442db53f7a9724710__0 avia-caption'><div class=\"avia-inner-caption\"><h2 class='avia-caption-title '  itemprop=\"name\" >Camp de Yoga<\/h2><\/div><\/div><img decoding=\"async\" fetchpriority=\"high\" class=\"wp-image-2902 avia-img-lazy-loading-not-2902\"  src=\"https:\/\/cheersyachting.com\/wp-content\/uploads\/IMG_7781-640x430.jpg\" width=\"640\" height=\"430\" title='Yoga Sail Turkey' alt=''  itemprop=\"thumbnailUrl\"   \/><\/div><\/li><\/ul><\/div><\/div>\n\n<\/div><\/div><\/div><!-- close content main div --><\/div><\/div><div id='av_section_6'  class='avia-section av-s2dne-839020532c19704ef21bec45b546d79c main_color avia-section-default avia-no-border-styling  avia-builder-el-28  el_after_av_section  el_before_av_section  avia-bg-style-scroll container_wrap fullsize'  ><div class='container av-section-cont-open' ><div class='template-page content  av-content-full alpha units'><div class='post-entry post-entry-type-page post-entry-2895'><div class='entry-content-wrapper clearfix'>\n\n<style type=\"text\/css\" data-created_by=\"avia_inline_auto\" id=\"style-css-av-mlmbe-c2ffd3a50781881035985da14c9c24de\">\n.flex_column.av-mlmbe-c2ffd3a50781881035985da14c9c24de{\nborder-radius:0px 0px 0px 0px;\npadding:0px 0px 0px 0px;\n}\n<\/style>\n<div  class='flex_column av-mlmbe-c2ffd3a50781881035985da14c9c24de av_two_third  avia-builder-el-29  el_before_av_one_third  avia-builder-el-first  first flex_column_div av-zero-column-padding  '     ><p>\n<style type=\"text\/css\" data-created_by=\"avia_inline_auto\" id=\"style-css-av-m68ay-7220f0766c61f7e3d3dc171f66cbce87\">\n#top .av-special-heading.av-m68ay-7220f0766c61f7e3d3dc171f66cbce87{\npadding-bottom:10px;\n}\nbody .av-special-heading.av-m68ay-7220f0766c61f7e3d3dc171f66cbce87 .av-special-heading-tag .heading-char{\nfont-size:25px;\n}\n.av-special-heading.av-m68ay-7220f0766c61f7e3d3dc171f66cbce87 .av-subheading{\nfont-size:15px;\n}\n<\/style>\n<div  class='av-special-heading av-m68ay-7220f0766c61f7e3d3dc171f66cbce87 av-special-heading-h3  avia-builder-el-30  el_before_av_textblock  avia-builder-el-first '><h3 class='av-special-heading-tag '  itemprop=\"headline\"  >Baie de Bedri Rahmi &#8211;  Les douze \u00eeles<\/h3><div class=\"special-heading-border\"><div class=\"special-heading-inner-border\"><\/div><\/div><\/div><br \/>\n<section  class='av_textblock_section av-jqanc8nd-f719541557e4e342b7baa9387aaaef70 '   itemscope=\"itemscope\" itemtype=\"https:\/\/schema.org\/CreativeWork\" ><div class='avia_textblock'  itemprop=\"text\" ><p>Dans la matin\u00e9e, nous nous dirigerons vers la baie de Bedri Rahmi pour le petit d\u00e9jeuner. En 1974, Bedri Rahmi Ey\u00fcbo\u011flu, un c\u00e9l\u00e8bre peintre et po\u00e8te turc en croisi\u00e8re dans la r\u00e9gion de G\u00f6cek peint sur une paroi rocheuse de cette baie un poisson. Apr\u00e8s le petit d\u00e9jeuner, vous pourrez si vous le souhaiter prendre cette peinture en photo. Nous naviguerons ensuite vers Yassicalar pour la fin de la journ\u00e9e. Pendant que nous pr\u00e9parerons un barbecue pour le d\u00eener, profitez-en pour siroter un cocktail sur le pont \u00e0 l\u2019avant du bateau.<\/p>\n<\/div><\/section><\/p><\/div>\n<style type=\"text\/css\" data-created_by=\"avia_inline_auto\" id=\"style-css-av-ct94q-1cfce9389ae0d267056ca4b30207fa27\">\n.flex_column.av-ct94q-1cfce9389ae0d267056ca4b30207fa27{\nborder-radius:0px 0px 0px 0px;\npadding:0px 0px 0px 0px;\n}\n<\/style>\n<div  class='flex_column av-ct94q-1cfce9389ae0d267056ca4b30207fa27 av_one_third  avia-builder-el-32  el_after_av_two_third  avia-builder-el-last  flex_column_div av-zero-column-padding  '     ><div  class='avia-slideshow av-jqao486b-dd7136c9734c3c5c93ae9f79b03c41b6 avia-slideshow-portfolio av_slideshow avia-slide-slider  avia-builder-el-33  avia-builder-el-no-sibling  av-slideshow-ui av-control-default av-slideshow-manual av-loop-once av-loop-manual-endless av-default-height-applied avia-slideshow-5' data-slideshow-options=\"{&quot;animation&quot;:&quot;slide&quot;,&quot;autoplay&quot;:false,&quot;loop_autoplay&quot;:&quot;once&quot;,&quot;interval&quot;:5,&quot;loop_manual&quot;:&quot;manual-endless&quot;,&quot;autoplay_stopper&quot;:false,&quot;noNavigation&quot;:false,&quot;bg_slider&quot;:false,&quot;keep_padding&quot;:false,&quot;hoverpause&quot;:false,&quot;show_slide_delay&quot;:0}\"  itemprop=\"image\" itemscope=\"itemscope\" itemtype=\"https:\/\/schema.org\/ImageObject\" ><ul class='avia-slideshow-inner ' style='padding-bottom: 80.808080808081%;'><li  class='avia-slideshow-slide av-jqao486b-dd7136c9734c3c5c93ae9f79b03c41b6__0  av-single-slide slide-1 slide-odd'><div data-rel='slideshow-5' class='avia-slide-wrap '   ><div class='av-slideshow-caption av-jqao486b-dd7136c9734c3c5c93ae9f79b03c41b6__0 avia-caption'><div class=\"avia-inner-caption\"><h2 class='avia-caption-title '  itemprop=\"name\" >Camp de Yoga<\/h2><\/div><\/div><img decoding=\"async\" fetchpriority=\"high\" class=\"wp-image-2914 avia-img-lazy-loading-not-2914\"  src=\"https:\/\/cheersyachting.com\/wp-content\/uploads\/IMG_2646-495x400.jpg\" width=\"495\" height=\"400\" title='Yoga Sail Turkey' alt=''  itemprop=\"thumbnailUrl\" srcset=\"https:\/\/cheersyachting.com\/wp-content\/uploads\/IMG_2646-495x400.jpg 495w, https:\/\/cheersyachting.com\/wp-content\/uploads\/IMG_2646-845x684.jpg 845w\" sizes=\"(max-width: 495px) 100vw, 495px\" \/><\/div><\/li><\/ul><\/div><\/div>\n\n<\/div><\/div><\/div><!-- close content main div --><\/div><\/div><div id='av_section_7'  class='avia-section av-s2dne-839020532c19704ef21bec45b546d79c main_color avia-section-default avia-no-border-styling  avia-builder-el-34  el_after_av_section  el_before_av_section  avia-bg-style-scroll container_wrap fullsize'  ><div class='container av-section-cont-open' ><div class='template-page content  av-content-full alpha units'><div class='post-entry post-entry-type-page post-entry-2895'><div class='entry-content-wrapper clearfix'>\n\n<style type=\"text\/css\" data-created_by=\"avia_inline_auto\" id=\"style-css-av-mlmbe-c2ffd3a50781881035985da14c9c24de\">\n.flex_column.av-mlmbe-c2ffd3a50781881035985da14c9c24de{\nborder-radius:0px 0px 0px 0px;\npadding:0px 0px 0px 0px;\n}\n<\/style>\n<div  class='flex_column av-mlmbe-c2ffd3a50781881035985da14c9c24de av_two_third  avia-builder-el-35  el_before_av_one_third  avia-builder-el-first  first flex_column_div av-zero-column-padding  '     ><p>\n<style type=\"text\/css\" data-created_by=\"avia_inline_auto\" id=\"style-css-av-ddjua-462ce657f8e0847325f650e644cb1030\">\n#top .av-special-heading.av-ddjua-462ce657f8e0847325f650e644cb1030{\npadding-bottom:10px;\n}\nbody .av-special-heading.av-ddjua-462ce657f8e0847325f650e644cb1030 .av-special-heading-tag .heading-char{\nfont-size:25px;\n}\n.av-special-heading.av-ddjua-462ce657f8e0847325f650e644cb1030 .av-subheading{\nfont-size:15px;\n}\n<\/style>\n<div  class='av-special-heading av-ddjua-462ce657f8e0847325f650e644cb1030 av-special-heading-h3  avia-builder-el-36  el_before_av_textblock  avia-builder-el-first '><h3 class='av-special-heading-tag '  itemprop=\"headline\"  >Les douze \u00eeles &#8211; G\u00f6cek<\/h3><div class=\"special-heading-border\"><div class=\"special-heading-inner-border\"><\/div><\/div><\/div><br \/>\n<section  class='av_textblock_section av-jqaneqpr-e3c6e0d8f1419c0afa102e883e3a7fe8 '   itemscope=\"itemscope\" itemtype=\"https:\/\/schema.org\/CreativeWork\" ><div class='avia_textblock'  itemprop=\"text\" ><p>Au r\u00e9veil dans la baie de Yassicalar, profiter d\u2019un petit d\u00e9jeuner et d\u2019une rapide baignade avant que nous ne partions pour le port de plaisance de G\u00f6cek. Sur place vous aurez deux heures de temps libre pour visiter la ville de G\u00f6cek et faire du shopping. Une autre option envisageable pour la journ\u00e9e est de visiter Daylan. Cette excursion d\u2019une journ\u00e9e se fait via un organisme priv\u00e9 et pour cela nous devrons organiser vos transferts. La plage de Dalyan abrite des tortues de mer. Vous verrez \u00e9galement les spectaculaires tombes lyciennes creus\u00e9es dans la paroi rocheuse d\u2019une falaise et aurez le temps d\u2019explorer le village de Daylan. Nous jetterons l\u2019ancre dans la baie de Boynuz pour le reste de la soir\u00e9e. Pendant que nous pr\u00e9parerons le d\u00eener, d\u00e9tendez-vous sur le pont apr\u00e8s cette riche journ\u00e9e.<\/p>\n<\/div><\/section><\/p><\/div>\n<style type=\"text\/css\" data-created_by=\"avia_inline_auto\" id=\"style-css-av-ct94q-1cfce9389ae0d267056ca4b30207fa27\">\n.flex_column.av-ct94q-1cfce9389ae0d267056ca4b30207fa27{\nborder-radius:0px 0px 0px 0px;\npadding:0px 0px 0px 0px;\n}\n<\/style>\n<div  class='flex_column av-ct94q-1cfce9389ae0d267056ca4b30207fa27 av_one_third  avia-builder-el-38  el_after_av_two_third  avia-builder-el-last  flex_column_div av-zero-column-padding  '     ><div  class='avia-slideshow av-jqao486b-dd7136c9734c3c5c93ae9f79b03c41b6 avia-slideshow-portfolio av_slideshow avia-slide-slider  avia-builder-el-39  avia-builder-el-no-sibling  av-slideshow-ui av-control-default av-slideshow-manual av-loop-once av-loop-manual-endless av-default-height-applied avia-slideshow-6' data-slideshow-options=\"{&quot;animation&quot;:&quot;slide&quot;,&quot;autoplay&quot;:false,&quot;loop_autoplay&quot;:&quot;once&quot;,&quot;interval&quot;:5,&quot;loop_manual&quot;:&quot;manual-endless&quot;,&quot;autoplay_stopper&quot;:false,&quot;noNavigation&quot;:false,&quot;bg_slider&quot;:false,&quot;keep_padding&quot;:false,&quot;hoverpause&quot;:false,&quot;show_slide_delay&quot;:0}\"  itemprop=\"image\" itemscope=\"itemscope\" itemtype=\"https:\/\/schema.org\/ImageObject\" ><ul class='avia-slideshow-inner ' style='padding-bottom: 80.808080808081%;'><li  class='avia-slideshow-slide av-jqao486b-dd7136c9734c3c5c93ae9f79b03c41b6__0  av-single-slide slide-1 slide-odd'><div data-rel='slideshow-6' class='avia-slide-wrap '   ><div class='av-slideshow-caption av-jqao486b-dd7136c9734c3c5c93ae9f79b03c41b6__0 avia-caption'><div class=\"avia-inner-caption\"><h2 class='avia-caption-title '  itemprop=\"name\" >Camp de Yoga<\/h2><\/div><\/div><img decoding=\"async\" fetchpriority=\"high\" class=\"wp-image-2914 avia-img-lazy-loading-not-2914\"  src=\"https:\/\/cheersyachting.com\/wp-content\/uploads\/IMG_2646-495x400.jpg\" width=\"495\" height=\"400\" title='Yoga Sail Turkey' alt=''  itemprop=\"thumbnailUrl\" srcset=\"https:\/\/cheersyachting.com\/wp-content\/uploads\/IMG_2646-495x400.jpg 495w, https:\/\/cheersyachting.com\/wp-content\/uploads\/IMG_2646-845x684.jpg 845w\" sizes=\"(max-width: 495px) 100vw, 495px\" \/><\/div><\/li><\/ul><\/div><\/div>\n\n<\/div><\/div><\/div><!-- close content main div --><\/div><\/div><div id='av_section_8'  class='avia-section av-s2dne-839020532c19704ef21bec45b546d79c main_color avia-section-default avia-no-border-styling  avia-builder-el-40  el_after_av_section  el_before_av_section  avia-bg-style-scroll container_wrap fullsize'  ><div class='container av-section-cont-open' ><div class='template-page content  av-content-full alpha units'><div class='post-entry post-entry-type-page post-entry-2895'><div class='entry-content-wrapper clearfix'>\n\n<style type=\"text\/css\" data-created_by=\"avia_inline_auto\" id=\"style-css-av-mlmbe-c2ffd3a50781881035985da14c9c24de\">\n.flex_column.av-mlmbe-c2ffd3a50781881035985da14c9c24de{\nborder-radius:0px 0px 0px 0px;\npadding:0px 0px 0px 0px;\n}\n<\/style>\n<div  class='flex_column av-mlmbe-c2ffd3a50781881035985da14c9c24de av_two_third  avia-builder-el-41  el_before_av_one_third  avia-builder-el-first  first flex_column_div av-zero-column-padding  '     ><p>\n<style type=\"text\/css\" data-created_by=\"avia_inline_auto\" id=\"style-css-av-eivhu-8aa11e5d2ae16d904f1b9dfbe81d421a\">\n#top .av-special-heading.av-eivhu-8aa11e5d2ae16d904f1b9dfbe81d421a{\npadding-bottom:10px;\n}\nbody .av-special-heading.av-eivhu-8aa11e5d2ae16d904f1b9dfbe81d421a .av-special-heading-tag .heading-char{\nfont-size:25px;\n}\n.av-special-heading.av-eivhu-8aa11e5d2ae16d904f1b9dfbe81d421a .av-subheading{\nfont-size:15px;\n}\n<\/style>\n<div  class='av-special-heading av-eivhu-8aa11e5d2ae16d904f1b9dfbe81d421a av-special-heading-h3  avia-builder-el-42  el_before_av_textblock  avia-builder-el-first '><h3 class='av-special-heading-tag '  itemprop=\"headline\"  >Baie de Samanlik<\/h3><div class=\"special-heading-border\"><div class=\"special-heading-inner-border\"><\/div><\/div><\/div><br \/>\n<section  class='av_textblock_section av-jqanfrn4-e4dbfdf672dd641a18aaa8e8eb158545 '   itemscope=\"itemscope\" itemtype=\"https:\/\/schema.org\/CreativeWork\" ><div class='avia_textblock'  itemprop=\"text\" ><p>Dans la matin\u00e9e, nous d\u00e9jeunerons dans la baie de Tersane, ou se trouve des ruines arch\u00e9ologiques. Prenez le temps d\u2019explorer cette belle r\u00e9gion, de faire quelques photos souvenir et de nager dans les eaux de cette baie. Pour le d\u00e9jeuner, nous jetterons l\u2019ancre \u00e0 Samanlik. Installez-vous autour de la table avec vos amis et votre famille pour savourer un d\u00e9licieux d\u00e9jeuner, avant que nous ne naviguions soit jusqu\u2019au port de Fethiye soit jusqu\u2019\u00e0 une autre baie pour passer la nuit.<\/p>\n<\/div><\/section><\/p><\/div>\n<style type=\"text\/css\" data-created_by=\"avia_inline_auto\" id=\"style-css-av-ct94q-1cfce9389ae0d267056ca4b30207fa27\">\n.flex_column.av-ct94q-1cfce9389ae0d267056ca4b30207fa27{\nborder-radius:0px 0px 0px 0px;\npadding:0px 0px 0px 0px;\n}\n<\/style>\n<div  class='flex_column av-ct94q-1cfce9389ae0d267056ca4b30207fa27 av_one_third  avia-builder-el-44  el_after_av_two_third  avia-builder-el-last  flex_column_div av-zero-column-padding  '     ><div  class='avia-slideshow av-jqao486b-8bd933382adb99a442db53f7a9724710 avia-slideshow-featured av_slideshow avia-slide-slider  avia-builder-el-45  avia-builder-el-no-sibling  av-slideshow-ui av-control-default av-slideshow-manual av-loop-once av-loop-manual-endless av-default-height-applied avia-slideshow-7' data-slideshow-options=\"{&quot;animation&quot;:&quot;slide&quot;,&quot;autoplay&quot;:false,&quot;loop_autoplay&quot;:&quot;once&quot;,&quot;interval&quot;:5,&quot;loop_manual&quot;:&quot;manual-endless&quot;,&quot;autoplay_stopper&quot;:false,&quot;noNavigation&quot;:false,&quot;bg_slider&quot;:false,&quot;keep_padding&quot;:false,&quot;hoverpause&quot;:false,&quot;show_slide_delay&quot;:0}\"  itemprop=\"image\" itemscope=\"itemscope\" itemtype=\"https:\/\/schema.org\/ImageObject\" ><ul class='avia-slideshow-inner ' style='padding-bottom: 67.1875%;'><li  class='avia-slideshow-slide av-jqao486b-8bd933382adb99a442db53f7a9724710__0  av-single-slide slide-1 slide-odd'><div data-rel='slideshow-7' class='avia-slide-wrap '   ><div class='av-slideshow-caption av-jqao486b-8bd933382adb99a442db53f7a9724710__0 avia-caption'><div class=\"avia-inner-caption\"><h2 class='avia-caption-title '  itemprop=\"name\" >Camp de Yoga<\/h2><\/div><\/div><img decoding=\"async\" fetchpriority=\"high\" class=\"wp-image-2902 avia-img-lazy-loading-not-2902\"  src=\"https:\/\/cheersyachting.com\/wp-content\/uploads\/IMG_7781-640x430.jpg\" width=\"640\" height=\"430\" title='Yoga Sail Turkey' alt=''  itemprop=\"thumbnailUrl\"   \/><\/div><\/li><\/ul><\/div><\/div>\n\n<\/div><\/div><\/div><!-- close content main div --><\/div><\/div><div id='av_section_9'  class='avia-section av-s2dne-839020532c19704ef21bec45b546d79c main_color avia-section-default avia-no-border-styling  avia-builder-el-46  el_after_av_section  el_before_av_textblock  avia-bg-style-scroll container_wrap fullsize'  ><div class='container av-section-cont-open' ><div class='template-page content  av-content-full alpha units'><div class='post-entry post-entry-type-page post-entry-2895'><div class='entry-content-wrapper clearfix'>\n\n<style type=\"text\/css\" data-created_by=\"avia_inline_auto\" id=\"style-css-av-mlmbe-c2ffd3a50781881035985da14c9c24de\">\n.flex_column.av-mlmbe-c2ffd3a50781881035985da14c9c24de{\nborder-radius:0px 0px 0px 0px;\npadding:0px 0px 0px 0px;\n}\n<\/style>\n<div  class='flex_column av-mlmbe-c2ffd3a50781881035985da14c9c24de av_two_third  avia-builder-el-47  el_before_av_one_third  avia-builder-el-first  first flex_column_div av-zero-column-padding  '     ><p>\n<style type=\"text\/css\" data-created_by=\"avia_inline_auto\" id=\"style-css-av-bdzga-5fde90e49831c81f86c4c6287dcfc94c\">\n#top .av-special-heading.av-bdzga-5fde90e49831c81f86c4c6287dcfc94c{\npadding-bottom:10px;\n}\nbody .av-special-heading.av-bdzga-5fde90e49831c81f86c4c6287dcfc94c .av-special-heading-tag .heading-char{\nfont-size:25px;\n}\n.av-special-heading.av-bdzga-5fde90e49831c81f86c4c6287dcfc94c .av-subheading{\nfont-size:15px;\n}\n<\/style>\n<div  class='av-special-heading av-bdzga-5fde90e49831c81f86c4c6287dcfc94c av-special-heading-h3  avia-builder-el-48  el_before_av_textblock  avia-builder-el-first '><h3 class='av-special-heading-tag '  itemprop=\"headline\"  >Fethiye<\/h3><div class=\"special-heading-border\"><div class=\"special-heading-inner-border\"><\/div><\/div><\/div><br \/>\n<section  class='av_textblock_section av-jqanfrn4-e4dbfdf672dd641a18aaa8e8eb158545 '   itemscope=\"itemscope\" itemtype=\"https:\/\/schema.org\/CreativeWork\" ><div class='avia_textblock'  itemprop=\"text\" ><p>Nous profiterons de notre dernier petit d\u00e9jeuner ensemble dans le port de Fethiye. Nous esp\u00e9rons qu\u2019apr\u00e8s une semaine de vacances \u00e0 bord de Cheers,\u00a0 \u00e0 naviguer dans une r\u00e9gion tr\u00e8s pittoresque du sud-ouest de la Turquie, vous repartiez repos\u00e9 et d\u00e9tendu.<\/p>\n<\/div><\/section><\/p><\/div>\n<style type=\"text\/css\" data-created_by=\"avia_inline_auto\" id=\"style-css-av-ct94q-1cfce9389ae0d267056ca4b30207fa27\">\n.flex_column.av-ct94q-1cfce9389ae0d267056ca4b30207fa27{\nborder-radius:0px 0px 0px 0px;\npadding:0px 0px 0px 0px;\n}\n<\/style>\n<div  class='flex_column av-ct94q-1cfce9389ae0d267056ca4b30207fa27 av_one_third  avia-builder-el-50  el_after_av_two_third  avia-builder-el-last  flex_column_div av-zero-column-padding  '     ><div  class='avia-slideshow av-jqao486b-dd7136c9734c3c5c93ae9f79b03c41b6 avia-slideshow-portfolio av_slideshow avia-slide-slider  avia-builder-el-51  avia-builder-el-no-sibling  av-slideshow-ui av-control-default av-slideshow-manual av-loop-once av-loop-manual-endless av-default-height-applied avia-slideshow-8' data-slideshow-options=\"{&quot;animation&quot;:&quot;slide&quot;,&quot;autoplay&quot;:false,&quot;loop_autoplay&quot;:&quot;once&quot;,&quot;interval&quot;:5,&quot;loop_manual&quot;:&quot;manual-endless&quot;,&quot;autoplay_stopper&quot;:false,&quot;noNavigation&quot;:false,&quot;bg_slider&quot;:false,&quot;keep_padding&quot;:false,&quot;hoverpause&quot;:false,&quot;show_slide_delay&quot;:0}\"  itemprop=\"image\" itemscope=\"itemscope\" itemtype=\"https:\/\/schema.org\/ImageObject\" ><ul class='avia-slideshow-inner ' style='padding-bottom: 80.808080808081%;'><li  class='avia-slideshow-slide av-jqao486b-dd7136c9734c3c5c93ae9f79b03c41b6__0  av-single-slide slide-1 slide-odd'><div data-rel='slideshow-8' class='avia-slide-wrap '   ><div class='av-slideshow-caption av-jqao486b-dd7136c9734c3c5c93ae9f79b03c41b6__0 avia-caption'><div class=\"avia-inner-caption\"><h2 class='avia-caption-title '  itemprop=\"name\" >Camp de Yoga<\/h2><\/div><\/div><img decoding=\"async\" fetchpriority=\"high\" class=\"wp-image-2914 avia-img-lazy-loading-not-2914\"  src=\"https:\/\/cheersyachting.com\/wp-content\/uploads\/IMG_2646-495x400.jpg\" width=\"495\" height=\"400\" title='Yoga Sail Turkey' alt=''  itemprop=\"thumbnailUrl\" srcset=\"https:\/\/cheersyachting.com\/wp-content\/uploads\/IMG_2646-495x400.jpg 495w, https:\/\/cheersyachting.com\/wp-content\/uploads\/IMG_2646-845x684.jpg 845w\" sizes=\"(max-width: 495px) 100vw, 495px\" \/><\/div><\/li><\/ul><\/div><\/div>\n<\/div><\/div><\/div><!-- close content main div --><\/div><\/div><div id='after_section_9'  class='main_color av_default_container_wrap container_wrap fullsize'  ><div class='container av-section-cont-open' ><div class='template-page content  av-content-full alpha units'><div class='post-entry post-entry-type-page post-entry-2895'><div class='entry-content-wrapper clearfix'>\n<section  class='av_textblock_section av-jqankwtc-1be2fafe457eb239feb0541f538ce4c1 '   itemscope=\"itemscope\" itemtype=\"https:\/\/schema.org\/CreativeWork\" ><div class='avia_textblock'  itemprop=\"text\" ><p>Apr\u00e8s un dernier petit d\u00e9jeuner sur le bateau, nous devrons nous dire au revoir ou plut\u00f4t, \u00e0 l&rsquo;ann\u00e9e prochaine!<\/p>\n<p>Vous pourrez compter sur nous pour vous aider si besoin avec les transferts pour la suite de votre s\u00e9jour. Nous ferons tout notre possible pour que chaque croisi\u00e8re soit unique et que vous passiez les meilleures vacances \u00e0 bord. Si vous avez une remarque sur le s\u00e9jour, n\u2019h\u00e9sitez pas \u00e0 nous la faire remonter pour nous permettre de toujours nous am\u00e9liorer.<\/p>\n<p><u>A\u00e9roports proches : <\/u><\/p>\n<ul>\n<li>Mu\u011fla \/ Dalaman Airport<\/li>\n<li>Antalya Airport<\/li>\n<\/ul>\n<p>De l&rsquo;a\u00e9roport de Dalaman au port de Fethiye = 45 minutes<\/p>\n<p>De l&rsquo;a\u00e9roport d&rsquo;Antalya au port de Fethiye = 3h30<\/p>\n<ul>\n<li>D\u00e9but de la croisi\u00e8re \u00e0 16h00<\/li>\n<li>Fin de la croisi\u00e8re \u00e0 9h00<\/li>\n<\/ul>\n<\/div><\/section>\n","protected":false},"excerpt":{"rendered":"","protected":false},"author":1,"featured_media":0,"parent":0,"menu_order":0,"comment_status":"closed","ping_status":"closed","template":"","meta":{"footnotes":""},"class_list":["post-2895","page","type-page","status-publish","hentry"],"yoast_head":"<!-- This site is optimized with the Yoast SEO plugin v26.7 - https:\/\/yoast.com\/wordpress\/plugins\/seo\/ -->\n<title>Camp de Yoga en Turquie - Cheers Yachting<\/title>\n<meta name=\"robots\" content=\"index, follow, max-snippet:-1, max-image-preview:large, max-video-preview:-1\" \/>\n<link rel=\"canonical\" href=\"https:\/\/cheersyachting.com\/fr\/camp-de-yoga-en-turquie\/\" \/>\n<meta property=\"og:locale\" content=\"fr_FR\" \/>\n<meta property=\"og:type\" content=\"article\" \/>\n<meta property=\"og:title\" content=\"Camp de Yoga en Turquie - Cheers Yachting\" \/>\n<meta property=\"og:url\" content=\"https:\/\/cheersyachting.com\/fr\/camp-de-yoga-en-turquie\/\" \/>\n<meta property=\"og:site_name\" content=\"Cheers Yachting\" \/>\n<meta property=\"article:publisher\" content=\"https:\/\/www.facebook.com\/cheersyachting\/\" \/>\n<meta property=\"article:modified_time\" content=\"2020-03-10T13:16:25+00:00\" \/>\n<meta property=\"og:image\" content=\"https:\/\/cheersyachting.com\/wp-content\/uploads\/Cheers-Yachting-Logo.jpg\" \/>\n\t<meta property=\"og:image:width\" content=\"839\" \/>\n\t<meta property=\"og:image:height\" content=\"353\" \/>\n\t<meta property=\"og:image:type\" content=\"image\/jpeg\" \/>\n<meta name=\"twitter:card\" content=\"summary_large_image\" \/>\n<meta name=\"twitter:label1\" content=\"Dur\u00e9e de lecture estim\u00e9e\" \/>\n\t<meta name=\"twitter:data1\" content=\"30 minutes\" \/>\n<script type=\"application\/ld+json\" class=\"yoast-schema-graph\">{\"@context\":\"https:\/\/schema.org\",\"@graph\":[{\"@type\":\"WebPage\",\"@id\":\"https:\/\/cheersyachting.com\/fr\/camp-de-yoga-en-turquie\/\",\"url\":\"https:\/\/cheersyachting.com\/fr\/camp-de-yoga-en-turquie\/\",\"name\":\"Camp de Yoga en Turquie - Cheers Yachting\",\"isPartOf\":{\"@id\":\"https:\/\/cheersyachting.com\/fr\/#website\"},\"datePublished\":\"2019-10-13T16:18:23+00:00\",\"dateModified\":\"2020-03-10T13:16:25+00:00\",\"breadcrumb\":{\"@id\":\"https:\/\/cheersyachting.com\/fr\/camp-de-yoga-en-turquie\/#breadcrumb\"},\"inLanguage\":\"fr-FR\",\"potentialAction\":[{\"@type\":\"ReadAction\",\"target\":[\"https:\/\/cheersyachting.com\/fr\/camp-de-yoga-en-turquie\/\"]}]},{\"@type\":\"BreadcrumbList\",\"@id\":\"https:\/\/cheersyachting.com\/fr\/camp-de-yoga-en-turquie\/#breadcrumb\",\"itemListElement\":[{\"@type\":\"ListItem\",\"position\":1,\"name\":\"Ana sayfa\",\"item\":\"https:\/\/cheersyachting.com\/fr\/\"},{\"@type\":\"ListItem\",\"position\":2,\"name\":\"Camp de Yoga en Turquie\"}]},{\"@type\":\"WebSite\",\"@id\":\"https:\/\/cheersyachting.com\/fr\/#website\",\"url\":\"https:\/\/cheersyachting.com\/fr\/\",\"name\":\"Cheers Yachting\",\"description\":\"Cheers Yacht Charter\",\"potentialAction\":[{\"@type\":\"SearchAction\",\"target\":{\"@type\":\"EntryPoint\",\"urlTemplate\":\"https:\/\/cheersyachting.com\/fr\/?s={search_term_string}\"},\"query-input\":{\"@type\":\"PropertyValueSpecification\",\"valueRequired\":true,\"valueName\":\"search_term_string\"}}],\"inLanguage\":\"fr-FR\"}]}<\/script>\n<!-- \/ Yoast SEO plugin. -->","yoast_head_json":{"title":"Camp de Yoga en Turquie - Cheers Yachting","robots":{"index":"index","follow":"follow","max-snippet":"max-snippet:-1","max-image-preview":"max-image-preview:large","max-video-preview":"max-video-preview:-1"},"canonical":"https:\/\/cheersyachting.com\/fr\/camp-de-yoga-en-turquie\/","og_locale":"fr_FR","og_type":"article","og_title":"Camp de Yoga en Turquie - Cheers Yachting","og_url":"https:\/\/cheersyachting.com\/fr\/camp-de-yoga-en-turquie\/","og_site_name":"Cheers Yachting","article_publisher":"https:\/\/www.facebook.com\/cheersyachting\/","article_modified_time":"2020-03-10T13:16:25+00:00","og_image":[{"width":839,"height":353,"url":"https:\/\/cheersyachting.com\/wp-content\/uploads\/Cheers-Yachting-Logo.jpg","type":"image\/jpeg"}],"twitter_card":"summary_large_image","twitter_misc":{"Dur\u00e9e de lecture estim\u00e9e":"30 minutes"},"schema":{"@context":"https:\/\/schema.org","@graph":[{"@type":"WebPage","@id":"https:\/\/cheersyachting.com\/fr\/camp-de-yoga-en-turquie\/","url":"https:\/\/cheersyachting.com\/fr\/camp-de-yoga-en-turquie\/","name":"Camp de Yoga en Turquie - Cheers Yachting","isPartOf":{"@id":"https:\/\/cheersyachting.com\/fr\/#website"},"datePublished":"2019-10-13T16:18:23+00:00","dateModified":"2020-03-10T13:16:25+00:00","breadcrumb":{"@id":"https:\/\/cheersyachting.com\/fr\/camp-de-yoga-en-turquie\/#breadcrumb"},"inLanguage":"fr-FR","potentialAction":[{"@type":"ReadAction","target":["https:\/\/cheersyachting.com\/fr\/camp-de-yoga-en-turquie\/"]}]},{"@type":"BreadcrumbList","@id":"https:\/\/cheersyachting.com\/fr\/camp-de-yoga-en-turquie\/#breadcrumb","itemListElement":[{"@type":"ListItem","position":1,"name":"Ana sayfa","item":"https:\/\/cheersyachting.com\/fr\/"},{"@type":"ListItem","position":2,"name":"Camp de Yoga en Turquie"}]},{"@type":"WebSite","@id":"https:\/\/cheersyachting.com\/fr\/#website","url":"https:\/\/cheersyachting.com\/fr\/","name":"Cheers Yachting","description":"Cheers Yacht Charter","potentialAction":[{"@type":"SearchAction","target":{"@type":"EntryPoint","urlTemplate":"https:\/\/cheersyachting.com\/fr\/?s={search_term_string}"},"query-input":{"@type":"PropertyValueSpecification","valueRequired":true,"valueName":"search_term_string"}}],"inLanguage":"fr-FR"}]}},"_links":{"self":[{"href":"https:\/\/cheersyachting.com\/fr\/wp-json\/wp\/v2\/pages\/2895","targetHints":{"allow":["GET"]}}],"collection":[{"href":"https:\/\/cheersyachting.com\/fr\/wp-json\/wp\/v2\/pages"}],"about":[{"href":"https:\/\/cheersyachting.com\/fr\/wp-json\/wp\/v2\/types\/page"}],"author":[{"embeddable":true,"href":"https:\/\/cheersyachting.com\/fr\/wp-json\/wp\/v2\/users\/1"}],"replies":[{"embeddable":true,"href":"https:\/\/cheersyachting.com\/fr\/wp-json\/wp\/v2\/comments?post=2895"}],"version-history":[{"count":16,"href":"https:\/\/cheersyachting.com\/fr\/wp-json\/wp\/v2\/pages\/2895\/revisions"}],"predecessor-version":[{"id":3394,"href":"https:\/\/cheersyachting.com\/fr\/wp-json\/wp\/v2\/pages\/2895\/revisions\/3394"}],"wp:attachment":[{"href":"https:\/\/cheersyachting.com\/fr\/wp-json\/wp\/v2\/media?parent=2895"}],"curies":[{"name":"wp","href":"https:\/\/api.w.org\/{rel}","templated":true}]}}